{"id":15,"date":"2024-12-05T10:38:27","date_gmt":"2024-12-05T13:38:27","guid":{"rendered":"https:\/\/giicso.ar\/?page_id=15"},"modified":"2025-04-23T09:54:30","modified_gmt":"2025-04-23T12:54:30","slug":"producciones-del-grupo","status":"publish","type":"page","link":"https:\/\/giicso.ar\/index.php\/producciones-del-grupo\/","title":{"rendered":"Producciones del grupo"},"content":{"rendered":"\t\t<div data-elementor-type=\"wp-page\" data-elementor-id=\"15\" class=\"elementor elementor-15\">\n\t\t\t\t<div class=\"elementor-element elementor-element-a187bc5 e-flex e-con-boxed e-con e-parent\" data-id=\"a187bc5\" data-element_type=\"container\" data-settings=\"{&quot;background_background&quot;:&quot;classic&quot;}\">\n\t\t\t\t\t<div class=\"e-con-inner\">\n\t\t<div class=\"elementor-element elementor-element-a4a75f6 e-flex e-con-boxed e-con e-child\" data-id=\"a4a75f6\" data-element_type=\"container\">\n\t\t\t\t\t<div class=\"e-con-inner\">\n\t\t\t\t<div class=\"elementor-element elementor-element-c51b482 elementor-widget elementor-widget-heading\" data-id=\"c51b482\" data-element_type=\"widget\" data-widget_type=\"heading.default\">\n\t\t\t\t<div class=\"elementor-widget-container\">\n\t\t\t\t\t<h4 class=\"elementor-heading-title elementor-size-default\">GIICSO<\/h4>\t\t\t\t<\/div>\n\t\t\t\t<\/div>\n\t\t\t\t\t<\/div>\n\t\t\t\t<\/div>\n\t\t\t\t<div class=\"elementor-element elementor-element-bd556da elementor-widget elementor-widget-heading\" data-id=\"bd556da\" data-element_type=\"widget\" data-widget_type=\"heading.default\">\n\t\t\t\t<div class=\"elementor-widget-container\">\n\t\t\t\t\t<h2 class=\"elementor-heading-title elementor-size-default\">Producciones del grupo<\/h2>\t\t\t\t<\/div>\n\t\t\t\t<\/div>\n\t\t\t\t<div class=\"elementor-element elementor-element-7ff989b elementor-widget elementor-widget-text-editor\" data-id=\"7ff989b\" data-element_type=\"widget\" data-widget_type=\"text-editor.default\">\n\t\t\t\t<div class=\"elementor-widget-container\">\n\t\t\t\t\t\t\t\t\t<p>Compartimos con ustedes algunas de las producciones del grupo y nuestro aporte a lo que consideramos una ciencia digna<\/p>\t\t\t\t\t\t\t\t<\/div>\n\t\t\t\t<\/div>\n\t\t\t\t\t<\/div>\n\t\t\t\t<\/div>\n\t\t<div class=\"elementor-element elementor-element-d6f8e95 e-flex e-con-boxed e-con e-parent\" data-id=\"d6f8e95\" data-element_type=\"container\">\n\t\t\t\t\t<div class=\"e-con-inner\">\n\t\t<div class=\"elementor-element elementor-element-35b4ca9 e-con-full e-flex e-con e-child\" data-id=\"35b4ca9\" data-element_type=\"container\">\n\t\t\t\t<div class=\"elementor-element elementor-element-1deaf5a elementor-widget elementor-widget-image\" data-id=\"1deaf5a\" data-element_type=\"widget\" data-widget_type=\"image.default\">\n\t\t\t\t<div class=\"elementor-widget-container\">\n\t\t\t\t\t\t\t\t\t\t\t\t\t\t\t\t<a href=\"https:\/\/giicso.ar\/wp-content\/uploads\/2024\/12\/Infraestructuras-y-extractivismo-en-la-region-hidrica-de-los-Bajos-Submeridionales-del-Norte-Grande-Argentina.pdf\" target=\"_blank\">\n\t\t\t\t\t\t\t<img fetchpriority=\"high\" decoding=\"async\" width=\"800\" height=\"800\" src=\"https:\/\/giicso.ar\/wp-content\/uploads\/2025\/04\/22.jpg\" class=\"attachment-large size-large wp-image-627\" alt=\"\" srcset=\"https:\/\/giicso.ar\/wp-content\/uploads\/2025\/04\/22.jpg 1000w, https:\/\/giicso.ar\/wp-content\/uploads\/2025\/04\/22-300x300.jpg 300w, https:\/\/giicso.ar\/wp-content\/uploads\/2025\/04\/22-150x150.jpg 150w, https:\/\/giicso.ar\/wp-content\/uploads\/2025\/04\/22-768x768.jpg 768w\" sizes=\"(max-width: 800px) 100vw, 800px\" \/>\t\t\t\t\t\t\t\t<\/a>\n\t\t\t\t\t\t\t\t\t\t\t\t\t\t\t<\/div>\n\t\t\t\t<\/div>\n\t\t\t\t<\/div>\n\t\t<div class=\"elementor-element elementor-element-371acfc e-con-full e-flex e-con e-child\" data-id=\"371acfc\" data-element_type=\"container\">\n\t\t\t\t<div class=\"elementor-element elementor-element-ab2f577 elementor-widget elementor-widget-text-editor\" data-id=\"ab2f577\" data-element_type=\"widget\" data-widget_type=\"text-editor.default\">\n\t\t\t\t<div class=\"elementor-widget-container\">\n\t\t\t\t\t\t\t\t\t<p><a href=\"https:\/\/giicso.ar\/wp-content\/uploads\/2025\/04\/cap__SPCC_libro_CLACSO_2024_Tratados-comercio_e_inversi_n.pdf\"><strong>\u00c1lvaro \u00c1lvarez, Amanda Barrenengoa, Daiana Mel\u00f3n y Juli\u00e1n Bilmes (2024) Un puente y mucho m\u00e1s que dos orillas. Las inversiones chinas en infraestructura regional y sus consecuencias socioterritoriales. El segundo puente Chaco-Corrientes en el marco del Corredor Bioce\u00e1nico del Eje Capricornio (2022-2023)<\/strong><\/a><\/p>\t\t\t\t\t\t\t\t<\/div>\n\t\t\t\t<\/div>\n\t\t\t\t<\/div>\n\t\t\t\t\t<\/div>\n\t\t\t\t<\/div>\n\t\t<div class=\"elementor-element elementor-element-7038447 e-flex e-con-boxed e-con e-parent\" data-id=\"7038447\" data-element_type=\"container\">\n\t\t\t\t\t<div class=\"e-con-inner\">\n\t\t<div class=\"elementor-element elementor-element-df0f332 e-con-full e-flex e-con e-child\" data-id=\"df0f332\" data-element_type=\"container\">\n\t\t\t\t<div class=\"elementor-element elementor-element-b3a6636 elementor-widget elementor-widget-image\" data-id=\"b3a6636\" data-element_type=\"widget\" data-widget_type=\"image.default\">\n\t\t\t\t<div class=\"elementor-widget-container\">\n\t\t\t\t\t\t\t\t\t\t\t\t\t\t\t\t<a href=\"https:\/\/giicso.ar\/wp-content\/uploads\/2024\/12\/Infraestructuras-y-extractivismo-en-la-region-hidrica-de-los-Bajos-Submeridionales-del-Norte-Grande-Argentina.pdf\" target=\"_blank\">\n\t\t\t\t\t\t\t<img decoding=\"async\" width=\"800\" height=\"800\" src=\"https:\/\/giicso.ar\/wp-content\/uploads\/2025\/04\/23.jpg\" class=\"attachment-large size-large wp-image-633\" alt=\"\" srcset=\"https:\/\/giicso.ar\/wp-content\/uploads\/2025\/04\/23.jpg 1000w, https:\/\/giicso.ar\/wp-content\/uploads\/2025\/04\/23-300x300.jpg 300w, https:\/\/giicso.ar\/wp-content\/uploads\/2025\/04\/23-150x150.jpg 150w, https:\/\/giicso.ar\/wp-content\/uploads\/2025\/04\/23-768x768.jpg 768w\" sizes=\"(max-width: 800px) 100vw, 800px\" \/>\t\t\t\t\t\t\t\t<\/a>\n\t\t\t\t\t\t\t\t\t\t\t\t\t\t\t<\/div>\n\t\t\t\t<\/div>\n\t\t\t\t<\/div>\n\t\t<div class=\"elementor-element elementor-element-65d06a3 e-con-full e-flex e-con e-child\" data-id=\"65d06a3\" data-element_type=\"container\">\n\t\t\t\t<div class=\"elementor-element elementor-element-81e6c13 elementor-widget elementor-widget-text-editor\" data-id=\"81e6c13\" data-element_type=\"widget\" data-widget_type=\"text-editor.default\">\n\t\t\t\t<div class=\"elementor-widget-container\">\n\t\t\t\t\t\t\t\t\t<p><a href=\"https:\/\/giicso.ar\/wp-content\/uploads\/2025\/04\/ATMA-n26-17-8180.pdf\" target=\"_blank\" rel=\"noopener\"><strong>\u00c1lvaro \u00c1lvarez y Malena Castilla (2025) Agronegocio en los Bajos Submeridionales, Argentina: Aportes para un estudio del impacto h\u00eddrico de las intervenciones sobre el territorio<\/strong><\/a><\/p>\t\t\t\t\t\t\t\t<\/div>\n\t\t\t\t<\/div>\n\t\t\t\t<\/div>\n\t\t\t\t\t<\/div>\n\t\t\t\t<\/div>\n\t\t<div class=\"elementor-element elementor-element-6a473fd e-flex e-con-boxed e-con e-parent\" data-id=\"6a473fd\" data-element_type=\"container\">\n\t\t\t\t\t<div class=\"e-con-inner\">\n\t\t<div class=\"elementor-element elementor-element-2c31206 e-con-full e-flex e-con e-child\" data-id=\"2c31206\" data-element_type=\"container\">\n\t\t\t\t<div class=\"elementor-element elementor-element-ae8be42 elementor-widget elementor-widget-image\" data-id=\"ae8be42\" data-element_type=\"widget\" data-widget_type=\"image.default\">\n\t\t\t\t<div class=\"elementor-widget-container\">\n\t\t\t\t\t\t\t\t\t\t\t\t\t\t\t\t<a href=\"https:\/\/giicso.ar\/wp-content\/uploads\/2024\/12\/Infraestructuras-y-extractivismo-en-la-region-hidrica-de-los-Bajos-Submeridionales-del-Norte-Grande-Argentina.pdf\" target=\"_blank\">\n\t\t\t\t\t\t\t<img decoding=\"async\" width=\"800\" height=\"800\" src=\"https:\/\/giicso.ar\/wp-content\/uploads\/2025\/01\/9B.jpg\" class=\"attachment-large size-large wp-image-405\" alt=\"\" srcset=\"https:\/\/giicso.ar\/wp-content\/uploads\/2025\/01\/9B.jpg 1000w, https:\/\/giicso.ar\/wp-content\/uploads\/2025\/01\/9B-300x300.jpg 300w, https:\/\/giicso.ar\/wp-content\/uploads\/2025\/01\/9B-150x150.jpg 150w, https:\/\/giicso.ar\/wp-content\/uploads\/2025\/01\/9B-768x768.jpg 768w\" sizes=\"(max-width: 800px) 100vw, 800px\" \/>\t\t\t\t\t\t\t\t<\/a>\n\t\t\t\t\t\t\t\t\t\t\t\t\t\t\t<\/div>\n\t\t\t\t<\/div>\n\t\t\t\t<\/div>\n\t\t<div class=\"elementor-element elementor-element-96a00c1 e-con-full e-flex e-con e-child\" data-id=\"96a00c1\" data-element_type=\"container\">\n\t\t\t\t<div class=\"elementor-element elementor-element-1048ec4 elementor-widget elementor-widget-text-editor\" data-id=\"1048ec4\" data-element_type=\"widget\" data-widget_type=\"text-editor.default\">\n\t\t\t\t<div class=\"elementor-widget-container\">\n\t\t\t\t\t\t\t\t\t<p><a href=\"https:\/\/giicso.ar\/wp-content\/uploads\/2024\/12\/Infraestructuras-y-extractivismo-en-la-region-hidrica-de-los-Bajos-Submeridionales-del-Norte-Grande-Argentina.pdf\" target=\"_blank\" rel=\"noopener\"><strong>Malena Castilla y \u00c1lvaro \u00c1lvarez (2024) | Infraestructuras y extractivismo en la regi\u00f3n h\u00eddrica de los Bajos Submeridionales del Norte Grande, Argentina<\/strong><\/a><\/p>\t\t\t\t\t\t\t\t<\/div>\n\t\t\t\t<\/div>\n\t\t\t\t<\/div>\n\t\t\t\t\t<\/div>\n\t\t\t\t<\/div>\n\t\t<div class=\"elementor-element elementor-element-02f2479 e-flex e-con-boxed e-con e-parent\" data-id=\"02f2479\" data-element_type=\"container\">\n\t\t\t\t\t<div class=\"e-con-inner\">\n\t\t<div class=\"elementor-element elementor-element-e71649d e-con-full e-flex e-con e-child\" data-id=\"e71649d\" data-element_type=\"container\">\n\t\t\t\t<div class=\"elementor-element elementor-element-2ab6b0e elementor-widget elementor-widget-image\" data-id=\"2ab6b0e\" data-element_type=\"widget\" data-widget_type=\"image.default\">\n\t\t\t\t<div class=\"elementor-widget-container\">\n\t\t\t\t\t\t\t\t\t\t\t\t\t\t\t\t<a href=\"https:\/\/giicso.ar\/wp-content\/uploads\/2024\/12\/Peppino-publicado-2024.pdf\" target=\"_blank\">\n\t\t\t\t\t\t\t<img loading=\"lazy\" decoding=\"async\" width=\"800\" height=\"800\" src=\"https:\/\/giicso.ar\/wp-content\/uploads\/2025\/01\/2B.jpg\" class=\"attachment-large size-large wp-image-394\" alt=\"\" srcset=\"https:\/\/giicso.ar\/wp-content\/uploads\/2025\/01\/2B.jpg 1000w, https:\/\/giicso.ar\/wp-content\/uploads\/2025\/01\/2B-300x300.jpg 300w, https:\/\/giicso.ar\/wp-content\/uploads\/2025\/01\/2B-150x150.jpg 150w, https:\/\/giicso.ar\/wp-content\/uploads\/2025\/01\/2B-768x768.jpg 768w\" sizes=\"(max-width: 800px) 100vw, 800px\" \/>\t\t\t\t\t\t\t\t<\/a>\n\t\t\t\t\t\t\t\t\t\t\t\t\t\t\t<\/div>\n\t\t\t\t<\/div>\n\t\t\t\t<\/div>\n\t\t<div class=\"elementor-element elementor-element-de21b2b e-con-full e-flex e-con e-child\" data-id=\"de21b2b\" data-element_type=\"container\">\n\t\t\t\t<div class=\"elementor-element elementor-element-7dbdcf1 elementor-widget elementor-widget-text-editor\" data-id=\"7dbdcf1\" data-element_type=\"widget\" data-widget_type=\"text-editor.default\">\n\t\t\t\t<div class=\"elementor-widget-container\">\n\t\t\t\t\t\t\t\t\t<p><a href=\"https:\/\/giicso.ar\/wp-content\/uploads\/2024\/12\/Peppino-publicado-2024.pdf\" target=\"_blank\" rel=\"noopener\"><strong>Julieta Peppino (2024) | \u201cColonizan, como las bacterias\u201d. Expansi\u00f3n del complejo <\/strong><strong>portuario oleaginoso y cambios en el uso del suelo: la <\/strong><strong>espacializaci\u00f3n de Cargill en Villa Gobernador G\u00e1lvez, <\/strong><strong>Argentina (2003-2007)<\/strong><\/a><\/p>\t\t\t\t\t\t\t\t<\/div>\n\t\t\t\t<\/div>\n\t\t\t\t<\/div>\n\t\t\t\t\t<\/div>\n\t\t\t\t<\/div>\n\t\t<div class=\"elementor-element elementor-element-67faea1 e-flex e-con-boxed e-con e-parent\" data-id=\"67faea1\" data-element_type=\"container\">\n\t\t\t\t\t<div class=\"e-con-inner\">\n\t\t<div class=\"elementor-element elementor-element-8a961f8 e-con-full e-flex e-con e-child\" data-id=\"8a961f8\" data-element_type=\"container\">\n\t\t\t\t<div class=\"elementor-element elementor-element-24aa790 elementor-widget elementor-widget-image\" data-id=\"24aa790\" data-element_type=\"widget\" data-widget_type=\"image.default\">\n\t\t\t\t<div class=\"elementor-widget-container\">\n\t\t\t\t\t\t\t\t\t\t\t\t\t\t\t\t<a href=\"https:\/\/giicso.ar\/wp-content\/uploads\/2024\/12\/Peppino-2023-REA.pdf\" target=\"_blank\">\n\t\t\t\t\t\t\t<img loading=\"lazy\" decoding=\"async\" width=\"800\" height=\"800\" src=\"https:\/\/giicso.ar\/wp-content\/uploads\/2025\/01\/1B.jpg\" class=\"attachment-large size-large wp-image-393\" alt=\"\" srcset=\"https:\/\/giicso.ar\/wp-content\/uploads\/2025\/01\/1B.jpg 1000w, https:\/\/giicso.ar\/wp-content\/uploads\/2025\/01\/1B-300x300.jpg 300w, https:\/\/giicso.ar\/wp-content\/uploads\/2025\/01\/1B-150x150.jpg 150w, https:\/\/giicso.ar\/wp-content\/uploads\/2025\/01\/1B-768x768.jpg 768w\" sizes=\"(max-width: 800px) 100vw, 800px\" \/>\t\t\t\t\t\t\t\t<\/a>\n\t\t\t\t\t\t\t\t\t\t\t\t\t\t\t<\/div>\n\t\t\t\t<\/div>\n\t\t\t\t<\/div>\n\t\t<div class=\"elementor-element elementor-element-fe1fb56 e-con-full e-flex e-con e-child\" data-id=\"fe1fb56\" data-element_type=\"container\">\n\t\t\t\t<div class=\"elementor-element elementor-element-bd996bf elementor-widget elementor-widget-text-editor\" data-id=\"bd996bf\" data-element_type=\"widget\" data-widget_type=\"text-editor.default\">\n\t\t\t\t<div class=\"elementor-widget-container\">\n\t\t\t\t\t\t\t\t\t<p><a href=\"https:\/\/giicso.ar\/wp-content\/uploads\/2024\/12\/Peppino-2023-REA.pdf\" target=\"_blank\" rel=\"noopener\"><strong>Julieta Peppino (2023) |<\/strong> <strong>Hidrov\u00eda Paraguay Paran\u00e1, disputas por el territorio y conflictividad ambiental: el imperio Cargill frente a la comunidad de pescadores\/as del \u201cBajo Paran\u00e1\u201d (2005-2023)<\/strong><\/a><\/p>\t\t\t\t\t\t\t\t<\/div>\n\t\t\t\t<\/div>\n\t\t\t\t<\/div>\n\t\t\t\t\t<\/div>\n\t\t\t\t<\/div>\n\t\t<div class=\"elementor-element elementor-element-d3ede72 e-flex e-con-boxed e-con e-parent\" data-id=\"d3ede72\" data-element_type=\"container\">\n\t\t\t\t\t<div class=\"e-con-inner\">\n\t\t<div class=\"elementor-element elementor-element-e436285 e-con-full e-flex e-con e-child\" data-id=\"e436285\" data-element_type=\"container\">\n\t\t\t\t<div class=\"elementor-element elementor-element-c2c81a8 elementor-widget elementor-widget-image\" data-id=\"c2c81a8\" data-element_type=\"widget\" data-widget_type=\"image.default\">\n\t\t\t\t<div class=\"elementor-widget-container\">\n\t\t\t\t\t\t\t\t\t\t\t\t\t\t\t\t<a href=\"https:\/\/giicso.ar\/wp-content\/uploads\/2024\/12\/publicado_1.pdf\" target=\"_blank\">\n\t\t\t\t\t\t\t<img loading=\"lazy\" decoding=\"async\" width=\"800\" height=\"800\" src=\"https:\/\/giicso.ar\/wp-content\/uploads\/2025\/01\/4B.jpg\" class=\"attachment-large size-large wp-image-396\" alt=\"\" srcset=\"https:\/\/giicso.ar\/wp-content\/uploads\/2025\/01\/4B.jpg 1000w, https:\/\/giicso.ar\/wp-content\/uploads\/2025\/01\/4B-300x300.jpg 300w, https:\/\/giicso.ar\/wp-content\/uploads\/2025\/01\/4B-150x150.jpg 150w, https:\/\/giicso.ar\/wp-content\/uploads\/2025\/01\/4B-768x768.jpg 768w\" sizes=\"(max-width: 800px) 100vw, 800px\" \/>\t\t\t\t\t\t\t\t<\/a>\n\t\t\t\t\t\t\t\t\t\t\t\t\t\t\t<\/div>\n\t\t\t\t<\/div>\n\t\t\t\t<\/div>\n\t\t<div class=\"elementor-element elementor-element-4743f81 e-con-full e-flex e-con e-child\" data-id=\"4743f81\" data-element_type=\"container\">\n\t\t\t\t<div class=\"elementor-element elementor-element-be86993 elementor-widget elementor-widget-text-editor\" data-id=\"be86993\" data-element_type=\"widget\" data-widget_type=\"text-editor.default\">\n\t\t\t\t<div class=\"elementor-widget-container\">\n\t\t\t\t\t\t\t\t\t<p><a href=\"https:\/\/giicso.ar\/wp-content\/uploads\/2024\/12\/publicado_1.pdf\" target=\"_blank\" rel=\"noopener\"><strong>Amanda Barrenengoa y \u00c1lvaro \u00c1lvarez (2023) |\u00a0 Disputas geopol\u00edticas en la Hidrov\u00eda Paraguay-Paran\u00e1. Aportes para un estudio del conflicto en la Argentina reciente<\/strong><\/a><\/p>\t\t\t\t\t\t\t\t<\/div>\n\t\t\t\t<\/div>\n\t\t\t\t<\/div>\n\t\t\t\t\t<\/div>\n\t\t\t\t<\/div>\n\t\t<div class=\"elementor-element elementor-element-408440a e-flex e-con-boxed e-con e-parent\" data-id=\"408440a\" data-element_type=\"container\">\n\t\t\t\t\t<div class=\"e-con-inner\">\n\t\t<div class=\"elementor-element elementor-element-0fdf16e e-con-full e-flex e-con e-child\" data-id=\"0fdf16e\" data-element_type=\"container\">\n\t\t\t\t<div class=\"elementor-element elementor-element-1a6707f elementor-widget elementor-widget-image\" data-id=\"1a6707f\" data-element_type=\"widget\" data-widget_type=\"image.default\">\n\t\t\t\t<div class=\"elementor-widget-container\">\n\t\t\t\t\t\t\t\t\t\t\t\t\t\t\t\t<a href=\"https:\/\/giicso.ar\/wp-content\/uploads\/2024\/12\/6022-Texto-del-articulo-27856-1-10-20240202.pdf\" target=\"_blank\">\n\t\t\t\t\t\t\t<img loading=\"lazy\" decoding=\"async\" width=\"800\" height=\"800\" src=\"https:\/\/giicso.ar\/wp-content\/uploads\/2025\/01\/8B.jpg\" class=\"attachment-large size-large wp-image-404\" alt=\"\" srcset=\"https:\/\/giicso.ar\/wp-content\/uploads\/2025\/01\/8B.jpg 1000w, https:\/\/giicso.ar\/wp-content\/uploads\/2025\/01\/8B-300x300.jpg 300w, https:\/\/giicso.ar\/wp-content\/uploads\/2025\/01\/8B-150x150.jpg 150w, https:\/\/giicso.ar\/wp-content\/uploads\/2025\/01\/8B-768x768.jpg 768w\" sizes=\"(max-width: 800px) 100vw, 800px\" \/>\t\t\t\t\t\t\t\t<\/a>\n\t\t\t\t\t\t\t\t\t\t\t\t\t\t\t<\/div>\n\t\t\t\t<\/div>\n\t\t\t\t<\/div>\n\t\t<div class=\"elementor-element elementor-element-607d496 e-con-full e-flex e-con e-child\" data-id=\"607d496\" data-element_type=\"container\">\n\t\t\t\t<div class=\"elementor-element elementor-element-45dd0e0 elementor-widget elementor-widget-text-editor\" data-id=\"45dd0e0\" data-element_type=\"widget\" data-widget_type=\"text-editor.default\">\n\t\t\t\t<div class=\"elementor-widget-container\">\n\t\t\t\t\t\t\t\t\t<p><a href=\"https:\/\/giicso.ar\/wp-content\/uploads\/2024\/12\/6022-Texto-del-articulo-27856-1-10-20240202.pdf\" target=\"_blank\" rel=\"noopener\"><strong>Malena Castilla (2023) |<\/strong> <strong>\u201cEstamos peor, muchos originarios tratamos <\/strong><strong>de sobrevivir\u201d: Historias de expulsiones <\/strong><strong>y extractivismos en el norte grande y la regi\u00f3n <\/strong><strong>metropolitana de Buenos Aires (Argentina)<\/strong><\/a><\/p>\t\t\t\t\t\t\t\t<\/div>\n\t\t\t\t<\/div>\n\t\t\t\t<\/div>\n\t\t\t\t\t<\/div>\n\t\t\t\t<\/div>\n\t\t<div class=\"elementor-element elementor-element-71f5266 e-flex e-con-boxed e-con e-parent\" data-id=\"71f5266\" data-element_type=\"container\">\n\t\t\t\t\t<div class=\"e-con-inner\">\n\t\t<div class=\"elementor-element elementor-element-3c2eaca e-con-full e-flex e-con e-child\" data-id=\"3c2eaca\" data-element_type=\"container\">\n\t\t\t\t<div class=\"elementor-element elementor-element-1ea18a7 elementor-widget elementor-widget-image\" data-id=\"1ea18a7\" data-element_type=\"widget\" data-widget_type=\"image.default\">\n\t\t\t\t<div class=\"elementor-widget-container\">\n\t\t\t\t\t\t\t\t\t\t\t\t\t\t\t\t<a href=\"https:\/\/giicso.ar\/wp-content\/uploads\/2024\/12\/9470-27308-1-PB.pdf\" target=\"_blank\">\n\t\t\t\t\t\t\t<img loading=\"lazy\" decoding=\"async\" width=\"800\" height=\"800\" src=\"https:\/\/giicso.ar\/wp-content\/uploads\/2025\/01\/10B.jpg\" class=\"attachment-large size-large wp-image-406\" alt=\"\" srcset=\"https:\/\/giicso.ar\/wp-content\/uploads\/2025\/01\/10B.jpg 1000w, https:\/\/giicso.ar\/wp-content\/uploads\/2025\/01\/10B-300x300.jpg 300w, https:\/\/giicso.ar\/wp-content\/uploads\/2025\/01\/10B-150x150.jpg 150w, https:\/\/giicso.ar\/wp-content\/uploads\/2025\/01\/10B-768x768.jpg 768w\" sizes=\"(max-width: 800px) 100vw, 800px\" \/>\t\t\t\t\t\t\t\t<\/a>\n\t\t\t\t\t\t\t\t\t\t\t\t\t\t\t<\/div>\n\t\t\t\t<\/div>\n\t\t\t\t<\/div>\n\t\t<div class=\"elementor-element elementor-element-55d965f e-con-full e-flex e-con e-child\" data-id=\"55d965f\" data-element_type=\"container\">\n\t\t\t\t<div class=\"elementor-element elementor-element-6466fed elementor-widget elementor-widget-text-editor\" data-id=\"6466fed\" data-element_type=\"widget\" data-widget_type=\"text-editor.default\">\n\t\t\t\t<div class=\"elementor-widget-container\">\n\t\t\t\t\t\t\t\t\t<p><a href=\"https:\/\/giicso.ar\/wp-content\/uploads\/2024\/12\/9470-27308-1-PB.pdf\" target=\"_blank\" rel=\"noopener\"><strong>Daiana Mel\u00f3n (2023) | Infrastructura y luchas socioterritoriales: el caso de la represa Garab\u00ed-Panamb\u00ed en el marco de IIRSA<\/strong><\/a><\/p>\t\t\t\t\t\t\t\t<\/div>\n\t\t\t\t<\/div>\n\t\t\t\t<\/div>\n\t\t\t\t\t<\/div>\n\t\t\t\t<\/div>\n\t\t<div class=\"elementor-element elementor-element-e384873 e-flex e-con-boxed e-con e-parent\" data-id=\"e384873\" data-element_type=\"container\">\n\t\t\t\t\t<div class=\"e-con-inner\">\n\t\t<div class=\"elementor-element elementor-element-1eb30c3 e-con-full e-flex e-con e-child\" data-id=\"1eb30c3\" data-element_type=\"container\">\n\t\t\t\t<div class=\"elementor-element elementor-element-dd83b55 elementor-widget elementor-widget-image\" data-id=\"dd83b55\" data-element_type=\"widget\" data-widget_type=\"image.default\">\n\t\t\t\t<div class=\"elementor-widget-container\">\n\t\t\t\t\t\t\t\t\t\t\t\t\t\t\t\t<a href=\"https:\/\/giicso.ar\/wp-content\/uploads\/2024\/12\/6-Veraetal_Planificacionurbanametropolitanayproblematicaambientalenterritorioshidrosociales.pdf\" target=\"_blank\">\n\t\t\t\t\t\t\t<img loading=\"lazy\" decoding=\"async\" width=\"800\" height=\"800\" src=\"https:\/\/giicso.ar\/wp-content\/uploads\/2025\/01\/17B.jpg\" class=\"attachment-large size-large wp-image-417\" alt=\"\" srcset=\"https:\/\/giicso.ar\/wp-content\/uploads\/2025\/01\/17B.jpg 1000w, https:\/\/giicso.ar\/wp-content\/uploads\/2025\/01\/17B-300x300.jpg 300w, https:\/\/giicso.ar\/wp-content\/uploads\/2025\/01\/17B-150x150.jpg 150w, https:\/\/giicso.ar\/wp-content\/uploads\/2025\/01\/17B-768x768.jpg 768w\" sizes=\"(max-width: 800px) 100vw, 800px\" \/>\t\t\t\t\t\t\t\t<\/a>\n\t\t\t\t\t\t\t\t\t\t\t\t\t\t\t<\/div>\n\t\t\t\t<\/div>\n\t\t\t\t<\/div>\n\t\t<div class=\"elementor-element elementor-element-dbba531 e-con-full e-flex e-con e-child\" data-id=\"dbba531\" data-element_type=\"container\">\n\t\t\t\t<div class=\"elementor-element elementor-element-ccc44f9 elementor-widget elementor-widget-text-editor\" data-id=\"ccc44f9\" data-element_type=\"widget\" data-widget_type=\"text-editor.default\">\n\t\t\t\t<div class=\"elementor-widget-container\">\n\t\t\t\t\t\t\t\t\t<p><a href=\"https:\/\/giicso.ar\/wp-content\/uploads\/2024\/12\/6-Veraetal_Planificacionurbanametropolitanayproblematicaambientalenterritorioshidrosociales.pdf\" target=\"_blank\" rel=\"noopener\"><strong>Ariel Ocantos y otrxs (2023) | Planificaci\u00f3n urbana metropolitana y problem\u00e1tica ambiental en territorios hidrosociales. El caso de la Hidrov\u00eda Paraguay-Paran\u00e1 en el \u00c1rea Metropolitana de Rosario<\/strong><\/a><\/p>\t\t\t\t\t\t\t\t<\/div>\n\t\t\t\t<\/div>\n\t\t\t\t<\/div>\n\t\t\t\t\t<\/div>\n\t\t\t\t<\/div>\n\t\t<div class=\"elementor-element elementor-element-d2cd079 e-flex e-con-boxed e-con e-parent\" data-id=\"d2cd079\" data-element_type=\"container\">\n\t\t\t\t\t<div class=\"e-con-inner\">\n\t\t<div class=\"elementor-element elementor-element-da607ca e-con-full e-flex e-con e-child\" data-id=\"da607ca\" data-element_type=\"container\">\n\t\t\t\t<div class=\"elementor-element elementor-element-f883580 elementor-widget elementor-widget-image\" data-id=\"f883580\" data-element_type=\"widget\" data-widget_type=\"image.default\">\n\t\t\t\t<div class=\"elementor-widget-container\">\n\t\t\t\t\t\t\t\t\t\t\t\t\t\t\t\t<a href=\"https:\/\/giicso.ar\/wp-content\/uploads\/2024\/12\/infraestructura-extractivista-y-desarrollo-regional.pdf\" target=\"_blank\">\n\t\t\t\t\t\t\t<img loading=\"lazy\" decoding=\"async\" width=\"800\" height=\"800\" src=\"https:\/\/giicso.ar\/wp-content\/uploads\/2025\/01\/14B.jpg\" class=\"attachment-large size-large wp-image-414\" alt=\"\" srcset=\"https:\/\/giicso.ar\/wp-content\/uploads\/2025\/01\/14B.jpg 1000w, https:\/\/giicso.ar\/wp-content\/uploads\/2025\/01\/14B-300x300.jpg 300w, https:\/\/giicso.ar\/wp-content\/uploads\/2025\/01\/14B-150x150.jpg 150w, https:\/\/giicso.ar\/wp-content\/uploads\/2025\/01\/14B-768x768.jpg 768w\" sizes=\"(max-width: 800px) 100vw, 800px\" \/>\t\t\t\t\t\t\t\t<\/a>\n\t\t\t\t\t\t\t\t\t\t\t\t\t\t\t<\/div>\n\t\t\t\t<\/div>\n\t\t\t\t<\/div>\n\t\t<div class=\"elementor-element elementor-element-cf407c2 e-con-full e-flex e-con e-child\" data-id=\"cf407c2\" data-element_type=\"container\">\n\t\t\t\t<div class=\"elementor-element elementor-element-d617c85 elementor-widget elementor-widget-text-editor\" data-id=\"d617c85\" data-element_type=\"widget\" data-widget_type=\"text-editor.default\">\n\t\t\t\t<div class=\"elementor-widget-container\">\n\t\t\t\t\t\t\t\t\t<p><a href=\"https:\/\/giicso.ar\/wp-content\/uploads\/2024\/12\/infraestructura-extractivista-y-desarrollo-regional.pdf\" target=\"_blank\" rel=\"noopener\"><strong>\u00c1lvaro \u00c1lvarez (2023) <\/strong>|\u00a0<strong> Infraestructura extractivista y desarrollo regional en Territorios de la complejidad por una geografia resignificada<\/strong><\/a><\/p>\t\t\t\t\t\t\t\t<\/div>\n\t\t\t\t<\/div>\n\t\t\t\t<\/div>\n\t\t\t\t\t<\/div>\n\t\t\t\t<\/div>\n\t\t<div class=\"elementor-element elementor-element-52e862a e-flex e-con-boxed e-con e-parent\" data-id=\"52e862a\" data-element_type=\"container\">\n\t\t\t\t\t<div class=\"e-con-inner\">\n\t\t<div class=\"elementor-element elementor-element-9d6242e e-con-full e-flex e-con e-child\" data-id=\"9d6242e\" data-element_type=\"container\">\n\t\t\t\t<div class=\"elementor-element elementor-element-7d86907 elementor-widget elementor-widget-image\" data-id=\"7d86907\" data-element_type=\"widget\" data-widget_type=\"image.default\">\n\t\t\t\t<div class=\"elementor-widget-container\">\n\t\t\t\t\t\t\t\t\t\t\t\t\t\t\t\t<a href=\"https:\/\/giicso.ar\/wp-content\/uploads\/2024\/12\/cap-8.-Acebal-problematicasactualesdeSantaFe.pdf\" target=\"_blank\">\n\t\t\t\t\t\t\t<img loading=\"lazy\" decoding=\"async\" width=\"800\" height=\"800\" src=\"https:\/\/giicso.ar\/wp-content\/uploads\/2025\/01\/20B.jpg\" class=\"attachment-large size-large wp-image-420\" alt=\"\" srcset=\"https:\/\/giicso.ar\/wp-content\/uploads\/2025\/01\/20B.jpg 1000w, https:\/\/giicso.ar\/wp-content\/uploads\/2025\/01\/20B-300x300.jpg 300w, https:\/\/giicso.ar\/wp-content\/uploads\/2025\/01\/20B-150x150.jpg 150w, https:\/\/giicso.ar\/wp-content\/uploads\/2025\/01\/20B-768x768.jpg 768w\" sizes=\"(max-width: 800px) 100vw, 800px\" \/>\t\t\t\t\t\t\t\t<\/a>\n\t\t\t\t\t\t\t\t\t\t\t\t\t\t\t<\/div>\n\t\t\t\t<\/div>\n\t\t\t\t<\/div>\n\t\t<div class=\"elementor-element elementor-element-69c10cc e-con-full e-flex e-con e-child\" data-id=\"69c10cc\" data-element_type=\"container\">\n\t\t\t\t<div class=\"elementor-element elementor-element-e09962d elementor-widget elementor-widget-text-editor\" data-id=\"e09962d\" data-element_type=\"widget\" data-widget_type=\"text-editor.default\">\n\t\t\t\t<div class=\"elementor-widget-container\">\n\t\t\t\t\t\t\t\t\t<p><a href=\"https:\/\/giicso.ar\/wp-content\/uploads\/2024\/12\/cap-8.-Acebal-problematicasactualesdeSantaFe.pdf\" target=\"_blank\" rel=\"noopener\"><strong>Anah\u00ed Acebal\u00a0 (2023) | Problem\u00e1ticas <\/strong><strong>actuales <\/strong><strong>de Santa Fe: <\/strong><strong>(Re)definiendo <\/strong><strong>el futuro <\/strong><strong>de la ciudad | Cap\u00edtulo 8 | Obras de infraestructura y conflictividad social en los barrios isle\u00f1os de la ciudad<\/strong><\/a><\/p>\t\t\t\t\t\t\t\t<\/div>\n\t\t\t\t<\/div>\n\t\t\t\t<\/div>\n\t\t\t\t\t<\/div>\n\t\t\t\t<\/div>\n\t\t<div class=\"elementor-element elementor-element-050a598 e-flex e-con-boxed e-con e-parent\" data-id=\"050a598\" data-element_type=\"container\">\n\t\t\t\t\t<div class=\"e-con-inner\">\n\t\t<div class=\"elementor-element elementor-element-a1d80f5 e-con-full e-flex e-con e-child\" data-id=\"a1d80f5\" data-element_type=\"container\">\n\t\t\t\t<div class=\"elementor-element elementor-element-d930aff elementor-widget elementor-widget-image\" data-id=\"d930aff\" data-element_type=\"widget\" data-widget_type=\"image.default\">\n\t\t\t\t<div class=\"elementor-widget-container\">\n\t\t\t\t\t\t\t\t\t\t\t\t\t\t\t\t<a href=\"https:\/\/giicso.ar\/wp-content\/uploads\/2024\/12\/version-publicada.pdf\" target=\"_blank\">\n\t\t\t\t\t\t\t<img loading=\"lazy\" decoding=\"async\" width=\"800\" height=\"800\" src=\"https:\/\/giicso.ar\/wp-content\/uploads\/2025\/01\/5B.jpg\" class=\"attachment-large size-large wp-image-401\" alt=\"\" srcset=\"https:\/\/giicso.ar\/wp-content\/uploads\/2025\/01\/5B.jpg 1000w, https:\/\/giicso.ar\/wp-content\/uploads\/2025\/01\/5B-300x300.jpg 300w, https:\/\/giicso.ar\/wp-content\/uploads\/2025\/01\/5B-150x150.jpg 150w, https:\/\/giicso.ar\/wp-content\/uploads\/2025\/01\/5B-768x768.jpg 768w\" sizes=\"(max-width: 800px) 100vw, 800px\" \/>\t\t\t\t\t\t\t\t<\/a>\n\t\t\t\t\t\t\t\t\t\t\t\t\t\t\t<\/div>\n\t\t\t\t<\/div>\n\t\t\t\t<\/div>\n\t\t<div class=\"elementor-element elementor-element-dbc73ed e-con-full e-flex e-con e-child\" data-id=\"dbc73ed\" data-element_type=\"container\">\n\t\t\t\t<div class=\"elementor-element elementor-element-0cdbe2e elementor-widget elementor-widget-text-editor\" data-id=\"0cdbe2e\" data-element_type=\"widget\" data-widget_type=\"text-editor.default\">\n\t\t\t\t<div class=\"elementor-widget-container\">\n\t\t\t\t\t\t\t\t\t<p><a href=\"https:\/\/giicso.ar\/wp-content\/uploads\/2024\/12\/version-publicada.pdf\" target=\"_blank\" rel=\"noopener\"><strong>Amanda Barrenengoa (2022) | El estudio de la integraci\u00f3n regional ante las din\u00e1micas del capitalismo actual: claves para un an\u00e1lisis multiescalar a partir del Corredor Interoce\u00e1nico Central (CIC) en 2003-2011<\/strong><\/a><\/p>\t\t\t\t\t\t\t\t<\/div>\n\t\t\t\t<\/div>\n\t\t\t\t<\/div>\n\t\t\t\t\t<\/div>\n\t\t\t\t<\/div>\n\t\t<div class=\"elementor-element elementor-element-1fa4aa2 e-flex e-con-boxed e-con e-parent\" data-id=\"1fa4aa2\" data-element_type=\"container\">\n\t\t\t\t\t<div class=\"e-con-inner\">\n\t\t<div class=\"elementor-element elementor-element-8cd0d97 e-con-full e-flex e-con e-child\" data-id=\"8cd0d97\" data-element_type=\"container\">\n\t\t\t\t<div class=\"elementor-element elementor-element-82b2147 elementor-widget elementor-widget-image\" data-id=\"82b2147\" data-element_type=\"widget\" data-widget_type=\"image.default\">\n\t\t\t\t<div class=\"elementor-widget-container\">\n\t\t\t\t\t\t\t\t\t\t\t\t\t\t\t\t<a href=\"https:\/\/giicso.ar\/wp-content\/uploads\/2024\/12\/tesis.pdf\" target=\"_blank\">\n\t\t\t\t\t\t\t<img loading=\"lazy\" decoding=\"async\" width=\"800\" height=\"800\" src=\"https:\/\/giicso.ar\/wp-content\/uploads\/2025\/01\/12B.jpg\" class=\"attachment-large size-large wp-image-411\" alt=\"\" srcset=\"https:\/\/giicso.ar\/wp-content\/uploads\/2025\/01\/12B.jpg 1000w, https:\/\/giicso.ar\/wp-content\/uploads\/2025\/01\/12B-300x300.jpg 300w, https:\/\/giicso.ar\/wp-content\/uploads\/2025\/01\/12B-150x150.jpg 150w, https:\/\/giicso.ar\/wp-content\/uploads\/2025\/01\/12B-768x768.jpg 768w\" sizes=\"(max-width: 800px) 100vw, 800px\" \/>\t\t\t\t\t\t\t\t<\/a>\n\t\t\t\t\t\t\t\t\t\t\t\t\t\t\t<\/div>\n\t\t\t\t<\/div>\n\t\t\t\t<\/div>\n\t\t<div class=\"elementor-element elementor-element-37aee45 e-con-full e-flex e-con e-child\" data-id=\"37aee45\" data-element_type=\"container\">\n\t\t\t\t<div class=\"elementor-element elementor-element-f663382 elementor-widget elementor-widget-text-editor\" data-id=\"f663382\" data-element_type=\"widget\" data-widget_type=\"text-editor.default\">\n\t\t\t\t<div class=\"elementor-widget-container\">\n\t\t\t\t\t\t\t\t\t<p><a href=\"https:\/\/giicso.ar\/wp-content\/uploads\/2024\/12\/tesis.pdf\" target=\"_blank\" rel=\"noopener\"><strong>Daiana Mel\u00f3n (2022) | <\/strong><strong>Estado, conflictos y resistencias socioterritoriales. El caso de los proyectos hidroel\u00e9ctricos Garab\u00ed-Panamb\u00ed e Inambari en el marco de IIRSA y de la expansi\u00f3n regional de Brasil (2003-2011)<\/strong><\/a><\/p>\t\t\t\t\t\t\t\t<\/div>\n\t\t\t\t<\/div>\n\t\t\t\t<\/div>\n\t\t\t\t\t<\/div>\n\t\t\t\t<\/div>\n\t\t<div class=\"elementor-element elementor-element-d2a41e7 e-flex e-con-boxed e-con e-parent\" data-id=\"d2a41e7\" data-element_type=\"container\">\n\t\t\t\t\t<div class=\"e-con-inner\">\n\t\t<div class=\"elementor-element elementor-element-617d892 e-con-full e-flex e-con e-child\" data-id=\"617d892\" data-element_type=\"container\">\n\t\t\t\t<div class=\"elementor-element elementor-element-5409443 elementor-widget elementor-widget-image\" data-id=\"5409443\" data-element_type=\"widget\" data-widget_type=\"image.default\">\n\t\t\t\t<div class=\"elementor-widget-container\">\n\t\t\t\t\t\t\t\t\t\t\t\t\t\t\t\t<a href=\"https:\/\/giicso.ar\/wp-content\/uploads\/2024\/12\/version-publicada_1.pdf\" target=\"_blank\">\n\t\t\t\t\t\t\t<img loading=\"lazy\" decoding=\"async\" width=\"800\" height=\"800\" src=\"https:\/\/giicso.ar\/wp-content\/uploads\/2025\/01\/6B.jpg\" class=\"attachment-large size-large wp-image-402\" alt=\"\" srcset=\"https:\/\/giicso.ar\/wp-content\/uploads\/2025\/01\/6B.jpg 1000w, https:\/\/giicso.ar\/wp-content\/uploads\/2025\/01\/6B-300x300.jpg 300w, https:\/\/giicso.ar\/wp-content\/uploads\/2025\/01\/6B-150x150.jpg 150w, https:\/\/giicso.ar\/wp-content\/uploads\/2025\/01\/6B-768x768.jpg 768w\" sizes=\"(max-width: 800px) 100vw, 800px\" \/>\t\t\t\t\t\t\t\t<\/a>\n\t\t\t\t\t\t\t\t\t\t\t\t\t\t\t<\/div>\n\t\t\t\t<\/div>\n\t\t\t\t<\/div>\n\t\t<div class=\"elementor-element elementor-element-42a6c72 e-con-full e-flex e-con e-child\" data-id=\"42a6c72\" data-element_type=\"container\">\n\t\t\t\t<div class=\"elementor-element elementor-element-d7348b0 elementor-widget elementor-widget-text-editor\" data-id=\"d7348b0\" data-element_type=\"widget\" data-widget_type=\"text-editor.default\">\n\t\t\t\t<div class=\"elementor-widget-container\">\n\t\t\t\t\t\t\t\t\t<p><a href=\"https:\/\/giicso.ar\/wp-content\/uploads\/2024\/12\/version-publicada_1.pdf\" target=\"_blank\" rel=\"noopener\"><strong>Amanda Barrenengoa (2022) | <\/strong><strong>\u00bfQu\u00e9 integraci\u00f3n para qu\u00e9 desarrollo? Reflexiones a partir del caso de la Hidrov\u00eda Paran\u00e1-Paraguay<\/strong><\/a><\/p>\t\t\t\t\t\t\t\t<\/div>\n\t\t\t\t<\/div>\n\t\t\t\t<\/div>\n\t\t\t\t\t<\/div>\n\t\t\t\t<\/div>\n\t\t<div class=\"elementor-element elementor-element-8b47856 e-flex e-con-boxed e-con e-parent\" data-id=\"8b47856\" data-element_type=\"container\">\n\t\t\t\t\t<div class=\"e-con-inner\">\n\t\t<div class=\"elementor-element elementor-element-16d6473 e-con-full e-flex e-con e-child\" data-id=\"16d6473\" data-element_type=\"container\">\n\t\t\t\t<div class=\"elementor-element elementor-element-598f5f6 elementor-widget elementor-widget-image\" data-id=\"598f5f6\" data-element_type=\"widget\" data-widget_type=\"image.default\">\n\t\t\t\t<div class=\"elementor-widget-container\">\n\t\t\t\t\t\t\t\t\t\t\t\t\t\t\t\t<a href=\"https:\/\/giicso.ar\/wp-content\/uploads\/2024\/12\/las-tramas-de-la-unidad-en-nuestramerica.pdf\" target=\"_blank\">\n\t\t\t\t\t\t\t<img loading=\"lazy\" decoding=\"async\" width=\"800\" height=\"800\" src=\"https:\/\/giicso.ar\/wp-content\/uploads\/2025\/01\/18B.jpg\" class=\"attachment-large size-large wp-image-418\" alt=\"\" srcset=\"https:\/\/giicso.ar\/wp-content\/uploads\/2025\/01\/18B.jpg 1000w, https:\/\/giicso.ar\/wp-content\/uploads\/2025\/01\/18B-300x300.jpg 300w, https:\/\/giicso.ar\/wp-content\/uploads\/2025\/01\/18B-150x150.jpg 150w, https:\/\/giicso.ar\/wp-content\/uploads\/2025\/01\/18B-768x768.jpg 768w\" sizes=\"(max-width: 800px) 100vw, 800px\" \/>\t\t\t\t\t\t\t\t<\/a>\n\t\t\t\t\t\t\t\t\t\t\t\t\t\t\t<\/div>\n\t\t\t\t<\/div>\n\t\t\t\t<\/div>\n\t\t<div class=\"elementor-element elementor-element-5c9525a e-con-full e-flex e-con e-child\" data-id=\"5c9525a\" data-element_type=\"container\">\n\t\t\t\t<div class=\"elementor-element elementor-element-376a10a elementor-widget elementor-widget-text-editor\" data-id=\"376a10a\" data-element_type=\"widget\" data-widget_type=\"text-editor.default\">\n\t\t\t\t<div class=\"elementor-widget-container\">\n\t\t\t\t\t\t\t\t\t<p><a href=\"https:\/\/giicso.ar\/wp-content\/uploads\/2024\/12\/las-tramas-de-la-unidad-en-nuestramerica.pdf\" target=\"_blank\" rel=\"noopener\"><strong>Ariel Ocantos (2022) | <\/strong><strong>Integraci\u00f3n regional y corredores bioculturales en el Cono Sur. Aproximaciones a partir del estudio de dos casos problem\u00e1ticos en Las tramas de la Unidad en Nuestramerica. Aportes para pensar la integraci\u00f3n<\/strong><\/a><\/p>\t\t\t\t\t\t\t\t<\/div>\n\t\t\t\t<\/div>\n\t\t\t\t<\/div>\n\t\t\t\t\t<\/div>\n\t\t\t\t<\/div>\n\t\t<div class=\"elementor-element elementor-element-756a473 e-flex e-con-boxed e-con e-parent\" data-id=\"756a473\" data-element_type=\"container\">\n\t\t\t\t\t<div class=\"e-con-inner\">\n\t\t<div class=\"elementor-element elementor-element-fa74a1c e-con-full e-flex e-con e-child\" data-id=\"fa74a1c\" data-element_type=\"container\">\n\t\t\t\t<div class=\"elementor-element elementor-element-e0a2cf4 elementor-widget elementor-widget-image\" data-id=\"e0a2cf4\" data-element_type=\"widget\" data-widget_type=\"image.default\">\n\t\t\t\t<div class=\"elementor-widget-container\">\n\t\t\t\t\t\t\t\t\t\t\t\t\t\t\t\t<a href=\"https:\/\/giicso.ar\/wp-content\/uploads\/2024\/12\/2525-1627-folia-41-155.pdf\" target=\"_blank\">\n\t\t\t\t\t\t\t<img loading=\"lazy\" decoding=\"async\" width=\"800\" height=\"800\" src=\"https:\/\/giicso.ar\/wp-content\/uploads\/2025\/01\/7B.jpg\" class=\"attachment-large size-large wp-image-403\" alt=\"\" srcset=\"https:\/\/giicso.ar\/wp-content\/uploads\/2025\/01\/7B.jpg 1000w, https:\/\/giicso.ar\/wp-content\/uploads\/2025\/01\/7B-300x300.jpg 300w, https:\/\/giicso.ar\/wp-content\/uploads\/2025\/01\/7B-150x150.jpg 150w, https:\/\/giicso.ar\/wp-content\/uploads\/2025\/01\/7B-768x768.jpg 768w\" sizes=\"(max-width: 800px) 100vw, 800px\" \/>\t\t\t\t\t\t\t\t<\/a>\n\t\t\t\t\t\t\t\t\t\t\t\t\t\t\t<\/div>\n\t\t\t\t<\/div>\n\t\t\t\t<\/div>\n\t\t<div class=\"elementor-element elementor-element-4759e0f e-con-full e-flex e-con e-child\" data-id=\"4759e0f\" data-element_type=\"container\">\n\t\t\t\t<div class=\"elementor-element elementor-element-c659e78 elementor-widget elementor-widget-text-editor\" data-id=\"c659e78\" data-element_type=\"widget\" data-widget_type=\"text-editor.default\">\n\t\t\t\t<div class=\"elementor-widget-container\">\n\t\t\t\t\t\t\t\t\t<p><a href=\"https:\/\/giicso.ar\/wp-content\/uploads\/2024\/12\/2525-1627-folia-41-155.pdf\" target=\"_blank\" rel=\"noopener\"><strong>Malena Castilla (2021) |<\/strong> &#8220;<strong>Ac\u00e1 nunca llueve y en el campo del al lado llueve todos los d\u00edas\u201d: Una descripci\u00f3n sobre el uso y acceso a las tierras y el agua en Chaco<\/strong><\/a><\/p>\t\t\t\t\t\t\t\t<\/div>\n\t\t\t\t<\/div>\n\t\t\t\t<\/div>\n\t\t\t\t\t<\/div>\n\t\t\t\t<\/div>\n\t\t<div class=\"elementor-element elementor-element-0b71127 e-flex e-con-boxed e-con e-parent\" data-id=\"0b71127\" data-element_type=\"container\">\n\t\t\t\t\t<div class=\"e-con-inner\">\n\t\t<div class=\"elementor-element elementor-element-57dc246 e-con-full e-flex e-con e-child\" data-id=\"57dc246\" data-element_type=\"container\">\n\t\t\t\t<div class=\"elementor-element elementor-element-0e88296 elementor-widget elementor-widget-image\" data-id=\"0e88296\" data-element_type=\"widget\" data-widget_type=\"image.default\">\n\t\t\t\t<div class=\"elementor-widget-container\">\n\t\t\t\t\t\t\t\t\t\t\t\t\t\t\t\t<a href=\"https:\/\/giicso.ar\/wp-content\/uploads\/2024\/12\/Alvaro-Alvarez-Extractivismos-produccion-del-territorio-y-conflictos-en-la-HPP.pdf\" target=\"_blank\">\n\t\t\t\t\t\t\t<img loading=\"lazy\" decoding=\"async\" width=\"800\" height=\"800\" src=\"https:\/\/giicso.ar\/wp-content\/uploads\/2025\/01\/13B.jpg\" class=\"attachment-large size-large wp-image-412\" alt=\"\" srcset=\"https:\/\/giicso.ar\/wp-content\/uploads\/2025\/01\/13B.jpg 1000w, https:\/\/giicso.ar\/wp-content\/uploads\/2025\/01\/13B-300x300.jpg 300w, https:\/\/giicso.ar\/wp-content\/uploads\/2025\/01\/13B-150x150.jpg 150w, https:\/\/giicso.ar\/wp-content\/uploads\/2025\/01\/13B-768x768.jpg 768w\" sizes=\"(max-width: 800px) 100vw, 800px\" \/>\t\t\t\t\t\t\t\t<\/a>\n\t\t\t\t\t\t\t\t\t\t\t\t\t\t\t<\/div>\n\t\t\t\t<\/div>\n\t\t\t\t<\/div>\n\t\t<div class=\"elementor-element elementor-element-fcc3976 e-con-full e-flex e-con e-child\" data-id=\"fcc3976\" data-element_type=\"container\">\n\t\t\t\t<div class=\"elementor-element elementor-element-3a770c2 elementor-widget elementor-widget-text-editor\" data-id=\"3a770c2\" data-element_type=\"widget\" data-widget_type=\"text-editor.default\">\n\t\t\t\t<div class=\"elementor-widget-container\">\n\t\t\t\t\t\t\t\t\t<p><a href=\"https:\/\/giicso.ar\/wp-content\/uploads\/2024\/12\/Alvaro-Alvarez-Extractivismos-produccion-del-territorio-y-conflictos-en-la-HPP.pdf\" target=\"_blank\" rel=\"noopener\"><strong>\u00c1lvaro \u00c1lvarez (2021) | Extractivismo, producci\u00f3n del territorio y conflictos en la Hidrov\u00eda Paraguay-Paran\u00e1<\/strong><\/a><\/p>\t\t\t\t\t\t\t\t<\/div>\n\t\t\t\t<\/div>\n\t\t\t\t<\/div>\n\t\t\t\t\t<\/div>\n\t\t\t\t<\/div>\n\t\t<div class=\"elementor-element elementor-element-0731038 e-flex e-con-boxed e-con e-parent\" data-id=\"0731038\" data-element_type=\"container\">\n\t\t\t\t\t<div class=\"e-con-inner\">\n\t\t<div class=\"elementor-element elementor-element-f26ebff e-con-full e-flex e-con e-child\" data-id=\"f26ebff\" data-element_type=\"container\">\n\t\t\t\t<div class=\"elementor-element elementor-element-a7dbad9 elementor-widget elementor-widget-image\" data-id=\"a7dbad9\" data-element_type=\"widget\" data-widget_type=\"image.default\">\n\t\t\t\t<div class=\"elementor-widget-container\">\n\t\t\t\t\t\t\t\t\t\t\t\t\t\t\t\t<a href=\"https:\/\/giicso.ar\/wp-content\/uploads\/2024\/12\/Infraestructuras-transporte-Alvarez.pdf\" target=\"_blank\">\n\t\t\t\t\t\t\t<img loading=\"lazy\" decoding=\"async\" width=\"800\" height=\"800\" src=\"https:\/\/giicso.ar\/wp-content\/uploads\/2025\/01\/15B.jpg\" class=\"attachment-large size-large wp-image-415\" alt=\"\" srcset=\"https:\/\/giicso.ar\/wp-content\/uploads\/2025\/01\/15B.jpg 1000w, https:\/\/giicso.ar\/wp-content\/uploads\/2025\/01\/15B-300x300.jpg 300w, https:\/\/giicso.ar\/wp-content\/uploads\/2025\/01\/15B-150x150.jpg 150w, https:\/\/giicso.ar\/wp-content\/uploads\/2025\/01\/15B-768x768.jpg 768w\" sizes=\"(max-width: 800px) 100vw, 800px\" \/>\t\t\t\t\t\t\t\t<\/a>\n\t\t\t\t\t\t\t\t\t\t\t\t\t\t\t<\/div>\n\t\t\t\t<\/div>\n\t\t\t\t<\/div>\n\t\t<div class=\"elementor-element elementor-element-313c70b e-con-full e-flex e-con e-child\" data-id=\"313c70b\" data-element_type=\"container\">\n\t\t\t\t<div class=\"elementor-element elementor-element-be97224 elementor-widget elementor-widget-text-editor\" data-id=\"be97224\" data-element_type=\"widget\" data-widget_type=\"text-editor.default\">\n\t\t\t\t<div class=\"elementor-widget-container\">\n\t\t\t\t\t\t\t\t\t<p><a href=\"https:\/\/giicso.ar\/wp-content\/uploads\/2024\/12\/Infraestructuras-transporte-Alvarez.pdf\" target=\"_blank\" rel=\"noopener\"><strong>\u00c1lvaro \u00c1lvarez (2021) <\/strong>| <strong>Infraestructuras de transporte y disputas territoriales<\/strong><\/a><\/p>\t\t\t\t\t\t\t\t<\/div>\n\t\t\t\t<\/div>\n\t\t\t\t<\/div>\n\t\t\t\t\t<\/div>\n\t\t\t\t<\/div>\n\t\t<div class=\"elementor-element elementor-element-e84cb03 e-flex e-con-boxed e-con e-parent\" data-id=\"e84cb03\" data-element_type=\"container\">\n\t\t\t\t\t<div class=\"e-con-inner\">\n\t\t<div class=\"elementor-element elementor-element-0f9a755 e-con-full e-flex e-con e-child\" data-id=\"0f9a755\" data-element_type=\"container\">\n\t\t\t\t<div class=\"elementor-element elementor-element-4d3a46f elementor-widget elementor-widget-image\" data-id=\"4d3a46f\" data-element_type=\"widget\" data-widget_type=\"image.default\">\n\t\t\t\t<div class=\"elementor-widget-container\">\n\t\t\t\t\t\t\t\t\t\t\t\t\t\t\t\t<a href=\"https:\/\/giicso.ar\/wp-content\/uploads\/2024\/12\/La-hidrovia-en-el-lugar.pdf\" target=\"_blank\">\n\t\t\t\t\t\t\t<img loading=\"lazy\" decoding=\"async\" width=\"800\" height=\"800\" src=\"https:\/\/giicso.ar\/wp-content\/uploads\/2025\/01\/6B.jpg\" class=\"attachment-large size-large wp-image-402\" alt=\"\" srcset=\"https:\/\/giicso.ar\/wp-content\/uploads\/2025\/01\/6B.jpg 1000w, https:\/\/giicso.ar\/wp-content\/uploads\/2025\/01\/6B-300x300.jpg 300w, https:\/\/giicso.ar\/wp-content\/uploads\/2025\/01\/6B-150x150.jpg 150w, https:\/\/giicso.ar\/wp-content\/uploads\/2025\/01\/6B-768x768.jpg 768w\" sizes=\"(max-width: 800px) 100vw, 800px\" \/>\t\t\t\t\t\t\t\t<\/a>\n\t\t\t\t\t\t\t\t\t\t\t\t\t\t\t<\/div>\n\t\t\t\t<\/div>\n\t\t\t\t<\/div>\n\t\t<div class=\"elementor-element elementor-element-f0bc97d e-con-full e-flex e-con e-child\" data-id=\"f0bc97d\" data-element_type=\"container\">\n\t\t\t\t<div class=\"elementor-element elementor-element-22c0426 elementor-widget elementor-widget-text-editor\" data-id=\"22c0426\" data-element_type=\"widget\" data-widget_type=\"text-editor.default\">\n\t\t\t\t<div class=\"elementor-widget-container\">\n\t\t\t\t\t\t\t\t\t<p><a href=\"https:\/\/giicso.ar\/wp-content\/uploads\/2024\/12\/La-hidrovia-en-el-lugar.pdf\" target=\"_blank\" rel=\"noopener\"><strong>Anah\u00ed Acebal (2021) | <\/strong><strong>La Hidrov\u00eda en el lugar. <\/strong><strong>Aportes para el estudio de <\/strong><strong>las obras de infraestructura <\/strong><strong>y log\u00edsticas asociadas a La <\/strong><strong>Hidrov\u00eda Paraguay &#8211; Paran\u00e1 <\/strong><strong>en la ciudad de Santa Fe<\/strong><\/a><\/p>\t\t\t\t\t\t\t\t<\/div>\n\t\t\t\t<\/div>\n\t\t\t\t<\/div>\n\t\t\t\t\t<\/div>\n\t\t\t\t<\/div>\n\t\t<div class=\"elementor-element elementor-element-b267b35 e-flex e-con-boxed e-con e-parent\" data-id=\"b267b35\" data-element_type=\"container\">\n\t\t\t\t\t<div class=\"e-con-inner\">\n\t\t<div class=\"elementor-element elementor-element-ef56071 e-con-full e-flex e-con e-child\" data-id=\"ef56071\" data-element_type=\"container\">\n\t\t\t\t<div class=\"elementor-element elementor-element-56d76dd elementor-widget elementor-widget-image\" data-id=\"56d76dd\" data-element_type=\"widget\" data-widget_type=\"image.default\">\n\t\t\t\t<div class=\"elementor-widget-container\">\n\t\t\t\t\t\t\t\t\t\t\t\t\t\t\t\t<a href=\"https:\/\/giicso.ar\/wp-content\/uploads\/2024\/12\/Corredor-Bioceanico-Porto-Alegre-Coquimbo-Geopolitica-infraestructura-y-conflictos-territoriales.pdf\" target=\"_blank\">\n\t\t\t\t\t\t\t<img loading=\"lazy\" decoding=\"async\" width=\"800\" height=\"800\" src=\"https:\/\/giicso.ar\/wp-content\/uploads\/2025\/01\/21B.jpg\" class=\"attachment-large size-large wp-image-421\" alt=\"\" srcset=\"https:\/\/giicso.ar\/wp-content\/uploads\/2025\/01\/21B.jpg 1000w, https:\/\/giicso.ar\/wp-content\/uploads\/2025\/01\/21B-300x300.jpg 300w, https:\/\/giicso.ar\/wp-content\/uploads\/2025\/01\/21B-150x150.jpg 150w, https:\/\/giicso.ar\/wp-content\/uploads\/2025\/01\/21B-768x768.jpg 768w\" sizes=\"(max-width: 800px) 100vw, 800px\" \/>\t\t\t\t\t\t\t\t<\/a>\n\t\t\t\t\t\t\t\t\t\t\t\t\t\t\t<\/div>\n\t\t\t\t<\/div>\n\t\t\t\t<\/div>\n\t\t<div class=\"elementor-element elementor-element-9da3a55 e-con-full e-flex e-con e-child\" data-id=\"9da3a55\" data-element_type=\"container\">\n\t\t\t\t<div class=\"elementor-element elementor-element-51a80b2 elementor-widget elementor-widget-text-editor\" data-id=\"51a80b2\" data-element_type=\"widget\" data-widget_type=\"text-editor.default\">\n\t\t\t\t<div class=\"elementor-widget-container\">\n\t\t\t\t\t\t\t\t\t<p><a href=\"https:\/\/giicso.ar\/wp-content\/uploads\/2024\/12\/Corredor-Bioceanico-Porto-Alegre-Coquimbo-Geopolitica-infraestructura-y-conflictos-territoriales.pdf\" target=\"_blank\" rel=\"noopener\"><strong>Anah\u00ed Acebal y \u00c1lvaro \u00c1lvarez (2021) | Corredor Bioce\u00e1nico Porto Alegre &#8211; Santa Fe &#8211; Coquimbo. Geopol\u00edtica, infraestructura y conflictos territoriales en la regi\u00f3n centro de Argentina<\/strong><\/a><\/p>\t\t\t\t\t\t\t\t<\/div>\n\t\t\t\t<\/div>\n\t\t\t\t<\/div>\n\t\t\t\t\t<\/div>\n\t\t\t\t<\/div>\n\t\t<div class=\"elementor-element elementor-element-915a850 e-flex e-con-boxed e-con e-parent\" data-id=\"915a850\" data-element_type=\"container\">\n\t\t\t\t\t<div class=\"e-con-inner\">\n\t\t<div class=\"elementor-element elementor-element-9ae32f0 e-con-full e-flex e-con e-child\" data-id=\"9ae32f0\" data-element_type=\"container\">\n\t\t\t\t<div class=\"elementor-element elementor-element-93fd712 elementor-widget elementor-widget-image\" data-id=\"93fd712\" data-element_type=\"widget\" data-widget_type=\"image.default\">\n\t\t\t\t<div class=\"elementor-widget-container\">\n\t\t\t\t\t\t\t\t\t\t\t\t\t\t\t\t<a href=\"https:\/\/giicso.ar\/wp-content\/uploads\/2024\/12\/publicado.pdf\" target=\"_blank\">\n\t\t\t\t\t\t\t<img loading=\"lazy\" decoding=\"async\" width=\"800\" height=\"800\" src=\"https:\/\/giicso.ar\/wp-content\/uploads\/2025\/01\/3B.jpg\" class=\"attachment-large size-large wp-image-395\" alt=\"\" srcset=\"https:\/\/giicso.ar\/wp-content\/uploads\/2025\/01\/3B.jpg 1000w, https:\/\/giicso.ar\/wp-content\/uploads\/2025\/01\/3B-300x300.jpg 300w, https:\/\/giicso.ar\/wp-content\/uploads\/2025\/01\/3B-150x150.jpg 150w, https:\/\/giicso.ar\/wp-content\/uploads\/2025\/01\/3B-768x768.jpg 768w\" sizes=\"(max-width: 800px) 100vw, 800px\" \/>\t\t\t\t\t\t\t\t<\/a>\n\t\t\t\t\t\t\t\t\t\t\t\t\t\t\t<\/div>\n\t\t\t\t<\/div>\n\t\t\t\t<\/div>\n\t\t<div class=\"elementor-element elementor-element-926188d e-con-full e-flex e-con e-child\" data-id=\"926188d\" data-element_type=\"container\">\n\t\t\t\t<div class=\"elementor-element elementor-element-aa564e7 elementor-widget elementor-widget-text-editor\" data-id=\"aa564e7\" data-element_type=\"widget\" data-widget_type=\"text-editor.default\">\n\t\t\t\t<div class=\"elementor-widget-container\">\n\t\t\t\t\t\t\t\t\t<p><a href=\"https:\/\/giicso.ar\/wp-content\/uploads\/2024\/12\/publicado.pdf\" target=\"_blank\" rel=\"noopener\"><strong>Amanda Barrenengoa (2020) | \u00bfTerritorialidad neoliberal? Las pol\u00edticas de desarrollo e integraci\u00f3n f\u00edsica en tiempos del lulismo<\/strong><\/a><\/p>\t\t\t\t\t\t\t\t<\/div>\n\t\t\t\t<\/div>\n\t\t\t\t<\/div>\n\t\t\t\t\t<\/div>\n\t\t\t\t<\/div>\n\t\t<div class=\"elementor-element elementor-element-3322a73 e-flex e-con-boxed e-con e-parent\" data-id=\"3322a73\" data-element_type=\"container\">\n\t\t\t\t\t<div class=\"e-con-inner\">\n\t\t<div class=\"elementor-element elementor-element-1eaf2d5 e-con-full e-flex e-con e-child\" data-id=\"1eaf2d5\" data-element_type=\"container\">\n\t\t\t\t<div class=\"elementor-element elementor-element-91c7eda elementor-widget elementor-widget-image\" data-id=\"91c7eda\" data-element_type=\"widget\" data-widget_type=\"image.default\">\n\t\t\t\t<div class=\"elementor-widget-container\">\n\t\t\t\t\t\t\t\t\t\t\t\t\t\t\t\t<a href=\"https:\/\/giicso.ar\/wp-content\/uploads\/2024\/12\/Estudios-socioterritoriales.pdf\" target=\"_blank\">\n\t\t\t\t\t\t\t<img loading=\"lazy\" decoding=\"async\" width=\"800\" height=\"800\" src=\"https:\/\/giicso.ar\/wp-content\/uploads\/2025\/01\/11B.jpg\" class=\"attachment-large size-large wp-image-407\" alt=\"\" srcset=\"https:\/\/giicso.ar\/wp-content\/uploads\/2025\/01\/11B.jpg 1000w, https:\/\/giicso.ar\/wp-content\/uploads\/2025\/01\/11B-300x300.jpg 300w, https:\/\/giicso.ar\/wp-content\/uploads\/2025\/01\/11B-150x150.jpg 150w, https:\/\/giicso.ar\/wp-content\/uploads\/2025\/01\/11B-768x768.jpg 768w\" sizes=\"(max-width: 800px) 100vw, 800px\" \/>\t\t\t\t\t\t\t\t<\/a>\n\t\t\t\t\t\t\t\t\t\t\t\t\t\t\t<\/div>\n\t\t\t\t<\/div>\n\t\t\t\t<\/div>\n\t\t<div class=\"elementor-element elementor-element-23379ad e-con-full e-flex e-con e-child\" data-id=\"23379ad\" data-element_type=\"container\">\n\t\t\t\t<div class=\"elementor-element elementor-element-3d74ec1 elementor-widget elementor-widget-text-editor\" data-id=\"3d74ec1\" data-element_type=\"widget\" data-widget_type=\"text-editor.default\">\n\t\t\t\t<div class=\"elementor-widget-container\">\n\t\t\t\t\t\t\t\t\t<p><a href=\"https:\/\/giicso.ar\/wp-content\/uploads\/2024\/12\/Estudios-socioterritoriales.pdf\" target=\"_blank\" rel=\"noopener\"><strong>Daiana Mel\u00f3n y Mariano F\u00e9liz (2020) | <\/strong><strong>IIRSA, subimperialismo brasile\u00f1o y resistencias populares. Los conflictos en torno a la represa de Inbambari (Per\u00fa) y de la carretera sobre el TIPNIS (Bolivia)<\/strong><\/a><\/p>\t\t\t\t\t\t\t\t<\/div>\n\t\t\t\t<\/div>\n\t\t\t\t<\/div>\n\t\t\t\t\t<\/div>\n\t\t\t\t<\/div>\n\t\t<div class=\"elementor-element elementor-element-8aba992 e-flex e-con-boxed e-con e-parent\" data-id=\"8aba992\" data-element_type=\"container\">\n\t\t\t\t\t<div class=\"e-con-inner\">\n\t\t<div class=\"elementor-element elementor-element-5ee039d e-con-full e-flex e-con e-child\" data-id=\"5ee039d\" data-element_type=\"container\">\n\t\t\t\t<div class=\"elementor-element elementor-element-acf864f elementor-widget elementor-widget-image\" data-id=\"acf864f\" data-element_type=\"widget\" data-widget_type=\"image.default\">\n\t\t\t\t<div class=\"elementor-widget-container\">\n\t\t\t\t\t\t\t\t\t\t\t\t\t\t\t\t<a href=\"https:\/\/giicso.ar\/wp-content\/uploads\/2024\/12\/integracion-en-infraestructura-en-America-del-Sur.pdf\" target=\"_blank\">\n\t\t\t\t\t\t\t<img loading=\"lazy\" decoding=\"async\" width=\"800\" height=\"800\" src=\"https:\/\/giicso.ar\/wp-content\/uploads\/2025\/01\/16B.jpg\" class=\"attachment-large size-large wp-image-416\" alt=\"\" srcset=\"https:\/\/giicso.ar\/wp-content\/uploads\/2025\/01\/16B.jpg 1000w, https:\/\/giicso.ar\/wp-content\/uploads\/2025\/01\/16B-300x300.jpg 300w, https:\/\/giicso.ar\/wp-content\/uploads\/2025\/01\/16B-150x150.jpg 150w, https:\/\/giicso.ar\/wp-content\/uploads\/2025\/01\/16B-768x768.jpg 768w\" sizes=\"(max-width: 800px) 100vw, 800px\" \/>\t\t\t\t\t\t\t\t<\/a>\n\t\t\t\t\t\t\t\t\t\t\t\t\t\t\t<\/div>\n\t\t\t\t<\/div>\n\t\t\t\t<\/div>\n\t\t<div class=\"elementor-element elementor-element-36de471 e-con-full e-flex e-con e-child\" data-id=\"36de471\" data-element_type=\"container\">\n\t\t\t\t<div class=\"elementor-element elementor-element-0afef6c elementor-widget elementor-widget-text-editor\" data-id=\"0afef6c\" data-element_type=\"widget\" data-widget_type=\"text-editor.default\">\n\t\t\t\t<div class=\"elementor-widget-container\">\n\t\t\t\t\t\t\t\t\t<p><a href=\"https:\/\/giicso.ar\/wp-content\/uploads\/2024\/12\/integracion-en-infraestructura-en-America-del-Sur.pdf\" target=\"_blank\" rel=\"noopener\"><strong>\u00c1lvaro \u00c1lvarez (2019) | Integraci\u00f3n e infraestructura en Am\u00e9rica del Sur. Aportes para el estudio del rol estrat\u00e9gico de la Hidrov\u00eda Paraguay &#8211; Paran\u00e1 en la integraci\u00f3n regional<\/strong><\/a><\/p>\t\t\t\t\t\t\t\t<\/div>\n\t\t\t\t<\/div>\n\t\t\t\t<\/div>\n\t\t\t\t\t<\/div>\n\t\t\t\t<\/div>\n\t\t<div class=\"elementor-element elementor-element-31d165e e-flex e-con-boxed e-con e-parent\" data-id=\"31d165e\" data-element_type=\"container\">\n\t\t\t\t\t<div class=\"e-con-inner\">\n\t\t<div class=\"elementor-element elementor-element-1e6d068 e-con-full e-flex e-con e-child\" data-id=\"1e6d068\" data-element_type=\"container\">\n\t\t\t\t<div class=\"elementor-element elementor-element-fdb1f7d elementor-widget elementor-widget-image\" data-id=\"fdb1f7d\" data-element_type=\"widget\" data-widget_type=\"image.default\">\n\t\t\t\t<div class=\"elementor-widget-container\">\n\t\t\t\t\t\t\t\t\t\t\t\t\t\t\t\t<a href=\"https:\/\/giicso.ar\/wp-content\/uploads\/2024\/12\/Revision-EIA-HPP.pdf\" target=\"_blank\">\n\t\t\t\t\t\t\t<img loading=\"lazy\" decoding=\"async\" width=\"800\" height=\"800\" src=\"https:\/\/giicso.ar\/wp-content\/uploads\/2025\/01\/19B.jpg\" class=\"attachment-large size-large wp-image-419\" alt=\"\" srcset=\"https:\/\/giicso.ar\/wp-content\/uploads\/2025\/01\/19B.jpg 1000w, https:\/\/giicso.ar\/wp-content\/uploads\/2025\/01\/19B-300x300.jpg 300w, https:\/\/giicso.ar\/wp-content\/uploads\/2025\/01\/19B-150x150.jpg 150w, https:\/\/giicso.ar\/wp-content\/uploads\/2025\/01\/19B-768x768.jpg 768w\" sizes=\"(max-width: 800px) 100vw, 800px\" \/>\t\t\t\t\t\t\t\t<\/a>\n\t\t\t\t\t\t\t\t\t\t\t\t\t\t\t<\/div>\n\t\t\t\t<\/div>\n\t\t\t\t<\/div>\n\t\t<div class=\"elementor-element elementor-element-a1d3d20 e-con-full e-flex e-con e-child\" data-id=\"a1d3d20\" data-element_type=\"container\">\n\t\t\t\t<div class=\"elementor-element elementor-element-7f243ac elementor-widget elementor-widget-text-editor\" data-id=\"7f243ac\" data-element_type=\"widget\" data-widget_type=\"text-editor.default\">\n\t\t\t\t<div class=\"elementor-widget-container\">\n\t\t\t\t\t\t\t\t\t<p><a href=\"https:\/\/giicso.ar\/wp-content\/uploads\/2024\/12\/Revision-EIA-HPP.pdf\" target=\"_blank\" rel=\"noopener\"><strong>Ariel Ocantos (2019) | R\u00edo para la vida |\u00a0 Una revisi\u00f3n de los estudios de impacto ambiental de la Hidrov\u00eda Paraguay-Paran\u00e1<\/strong><\/a><\/p>\t\t\t\t\t\t\t\t<\/div>\n\t\t\t\t<\/div>\n\t\t\t\t<\/div>\n\t\t\t\t\t<\/div>\n\t\t\t\t<\/div>\n\t\t\t\t<\/div>\n\t\t","protected":false},"excerpt":{"rendered":"<p>GIICSO Producciones del grupo Compartimos con ustedes algunas de las producciones del grupo y nuestro aporte a lo que consideramos una ciencia digna \u00c1lvaro \u00c1lvarez, Amanda Barrenengoa, Daiana Mel\u00f3n y Juli\u00e1n Bilmes (2024) Un puente y mucho m\u00e1s que dos orillas. Las inversiones chinas en infraestructura regional y sus consecuencias socioterritoriales. El segundo puente Chaco-Corrientes [&hellip;]<\/p>\n","protected":false},"author":1,"featured_media":0,"parent":0,"menu_order":0,"comment_status":"closed","ping_status":"closed","template":"","meta":{"footnotes":""},"class_list":["post-15","page","type-page","status-publish","hentry"],"_links":{"self":[{"href":"https:\/\/giicso.ar\/index.php\/wp-json\/wp\/v2\/pages\/15","targetHints":{"allow":["GET"]}}],"collection":[{"href":"https:\/\/giicso.ar\/index.php\/wp-json\/wp\/v2\/pages"}],"about":[{"href":"https:\/\/giicso.ar\/index.php\/wp-json\/wp\/v2\/types\/page"}],"author":[{"embeddable":true,"href":"https:\/\/giicso.ar\/index.php\/wp-json\/wp\/v2\/users\/1"}],"replies":[{"embeddable":true,"href":"https:\/\/giicso.ar\/index.php\/wp-json\/wp\/v2\/comments?post=15"}],"version-history":[{"count":102,"href":"https:\/\/giicso.ar\/index.php\/wp-json\/wp\/v2\/pages\/15\/revisions"}],"predecessor-version":[{"id":637,"href":"https:\/\/giicso.ar\/index.php\/wp-json\/wp\/v2\/pages\/15\/revisions\/637"}],"wp:attachment":[{"href":"https:\/\/giicso.ar\/index.php\/wp-json\/wp\/v2\/media?parent=15"}],"curies":[{"name":"wp","href":"https:\/\/api.w.org\/{rel}","templated":true}]}}